{"id":3,"date":"2021-08-07T11:26:39","date_gmt":"2021-08-07T11:26:39","guid":{"rendered":"http:\/\/oeku.projektauskunft.de?page_id=3"},"modified":"2021-09-10T14:24:31","modified_gmt":"2021-09-10T12:24:31","slug":"datenschutzerklaerung","status":"publish","type":"page","link":"https:\/\/ecumenical-institute.org\/en\/datenschutzerklaerung\/","title":{"rendered":"Datenschutzerkl\u00e4rung"},"content":{"rendered":"<p>Personenbezogene Daten (nachfolgend zumeist nur \u201eDaten\u201c genannt) werden von uns nur im Rahmen der Erforderlichkeit sowie zum Zwecke der Bereitstellung eines funktionsf\u00e4higen und nutzerfreundlichen Internetauftritts, inklusive seiner Inhalte und der dort angebotenen Leistungen, verarbeitet.<\/p>\n\n\n\n<p>Gem\u00e4\u00df Art. 4 Ziffer 1. der Verordnung (EU) 2016\/679, also der Datenschutz-Grundverordnung (nachfolgend nur \u201eDSGVO\u201c genannt), gilt als \u201eVerarbeitung\u201c jeder mit oder ohne Hilfe automatisierter Verfahren ausgef\u00fchrter Vorgang oder jede solche Vorgangsreihe im Zusammenhang mit personenbezogenen Daten, wie das Erheben, das Erfassen, die Organisation, das Ordnen, die Speicherung, die Anpassung oder Ver\u00e4nderung, das Auslesen, das Abfragen, die Verwendung, die Offenlegung durch \u00dcbermittlung, Verbreitung oder eine andere Form der Bereitstellung, den Abgleich oder die Verkn\u00fcpfung, die Einschr\u00e4nkung, das L\u00f6schen oder die Vernichtung.<\/p>\n\n\n\n<p>Mit der nachfolgenden Datenschutzerkl\u00e4rung informieren wir Sie insbesondere \u00fcber Art, Umfang, Zweck, Dauer und Rechtsgrundlage der Verarbeitung personenbezogener Daten, soweit wir entweder allein oder gemeinsam mit anderen \u00fcber die Zwecke und Mittel der Verarbeitung entscheiden. Zudem informieren wir Sie nachfolgend \u00fcber die von uns zu Optimierungszwecken sowie zur Steigerung der Nutzungsqualit\u00e4t eingesetzten Fremdkomponenten, soweit hierdurch Dritte Daten in wiederum eigener Verantwortung verarbeiten.<\/p>\n\n\n\n<p>Unsere Datenschutzerkl\u00e4rung ist wie folgt gegliedert:<\/p>\n\n\n\n<p>I. Informationen \u00fcber uns als Verantwortliche<br>II. Rechte der Nutzer und Betroffenen<br>III. Informationen zur Datenverarbeitung<\/p>\n\n\n\n<h3 class=\"wp-block-heading\">I. Informationen \u00fcber uns als Verantwortliche<\/h3>\n\n\n\n<p>Verantwortlicher Anbieter dieses Internetauftritts im datenschutzrechtlichen Sinne ist:<\/p>\n\n\n\n<p>Prof. Dr. Jennifer Wasmuth <br>Institute for Ecumenical Research <br>8, rue Gustave Klotz<br>F \u2013 67000 Strasbourg<\/p>\n\n\n\n<p>Telefon: +33 (0)3 88 15 25 75<br>Telefax: +33 (0)3 88 15 25 70<br>E-Mail: strasecum@ecumenical-institute.org<\/p>\n\n\n\n<p>Datenschutzbeauftragte\/r beim Anbieter ist:  Prof. Dr. Jennifer Wasmuth   <\/p>\n\n\n\n<h3 class=\"wp-block-heading\">II. Rechte der Nutzer und Betroffenen<\/h3>\n\n\n\n<p>Mit Blick auf die nachfolgend noch n\u00e4her beschriebene Datenverarbeitung haben die Nutzer und Betroffenen das Recht<\/p>\n\n\n\n<ul class=\"wp-block-list\"><li>auf Best\u00e4tigung, ob sie betreffende Daten verarbeitet werden, auf Auskunft \u00fcber die verarbeiteten Daten, auf weitere Informationen \u00fcber die Datenverarbeitung sowie auf Kopien der Daten (vgl. auch Art. 15 DSGVO);<\/li><li>auf Berichtigung oder Vervollst\u00e4ndigung unrichtiger bzw. unvollst\u00e4ndiger Daten (vgl. auch Art. 16 DSGVO);<\/li><li>auf unverz\u00fcgliche L\u00f6schung der sie betreffenden Daten (vgl. auch Art. 17 DSGVO), oder, alternativ, soweit eine weitere Verarbeitung gem\u00e4\u00df Art. 17 Abs. 3 DSGVO erforderlich ist, auf Einschr\u00e4nkung der Verarbeitung nach Ma\u00dfgabe von Art. 18 DSGVO;<\/li><li>auf Erhalt der sie betreffenden und von ihnen bereitgestellten Daten und auf \u00dcbermittlung dieser Daten an andere Anbieter\/Verantwortliche (vgl. auch Art. 20 DSGVO);<\/li><li>auf Beschwerde gegen\u00fcber der Aufsichtsbeh\u00f6rde, sofern sie der Ansicht sind, dass die sie betreffenden Daten durch den Anbieter unter Versto\u00df gegen datenschutzrechtliche Bestimmungen verarbeitet werden (vgl. auch Art. 77 DSGVO).<\/li><\/ul>\n\n\n\n<p>Dar\u00fcber hinaus ist der Anbieter dazu verpflichtet, alle Empf\u00e4nger, denen gegen\u00fcber Daten durch den Anbieter offengelegt worden sind, \u00fcber jedwede Berichtigung oder L\u00f6schung von Daten oder die Einschr\u00e4nkung der Verarbeitung, die aufgrund der Artikel 16, 17 Abs. 1, 18 DSGVO erfolgt, zu unterrichten. Diese Verpflichtung besteht jedoch nicht, soweit diese Mitteilung unm\u00f6glich oder mit einem unverh\u00e4ltnism\u00e4\u00dfigen Aufwand verbunden ist. Unbeschadet dessen hat der Nutzer ein Recht auf Auskunft \u00fcber diese Empf\u00e4nger.<\/p>\n\n\n\n<p><strong>Ebenfalls haben die Nutzer und Betroffenen nach Art. 21 DSGVO das Recht auf Widerspruch gegen die k\u00fcnftige Verarbeitung der sie betreffenden Daten, sofern die Daten durch den Anbieter nach Ma\u00dfgabe von Art. 6 Abs. 1 lit. f) DSGVO verarbeitet werden. Insbesondere ist ein Widerspruch gegen die Datenverarbeitung zum Zwecke der Direktwerbung statthaft.<\/strong><\/p>\n\n\n\n<h3 class=\"wp-block-heading\">III. Informationen zur Datenverarbeitung<\/h3>\n\n\n\n<p>Ihre bei Nutzung unseres Internetauftritts verarbeiteten Daten werden gel\u00f6scht oder gesperrt, sobald der Zweck der Speicherung entf\u00e4llt, der L\u00f6schung der Daten keine gesetzlichen Aufbewahrungspflichten entgegenstehen und nachfolgend keine anderslautenden Angaben zu einzelnen Verarbeitungsverfahren gemacht werden.<\/p>\n\n\n\n<h4 class=\"wp-block-heading\">Serverdaten<\/h4>\n\n\n\n<p>Aus technischen Gr\u00fcnden, insbesondere zur Gew\u00e4hrleistung eines sicheren und stabilen Internetauftritts, werden Daten durch Ihren Internet-Browser an uns bzw. an unseren Webspace-Provider \u00fcbermittelt. Mit diesen sog. Server-Logfiles werden u.a. Typ und Version Ihres Internetbrowsers, das Betriebssystem, die Website, von der aus Sie auf unseren Internetauftritt gewechselt haben (Referrer URL), die Website(s) unseres Internetauftritts, die Sie besuchen, Datum und Uhrzeit des jeweiligen Zugriffs sowie die IP-Adresse des Internetanschlusses, von dem aus die Nutzung unseres Internetauftritts erfolgt, erhoben.<\/p>\n\n\n\n<p>Diese so erhobenen Daten werden vorr\u00fcbergehend gespeichert, dies jedoch nicht gemeinsam mit anderen Daten von Ihnen.<\/p>\n\n\n\n<p>Diese Speicherung erfolgt auf der Rechtsgrundlage von Art. 6 Abs. 1 lit. f) DSGVO. Unser berechtigtes Interesse liegt in der Verbesserung, Stabilit\u00e4t, Funktionalit\u00e4t und Sicherheit unseres Internetauftritts.<\/p>\n\n\n\n<p>Die Daten werden sp\u00e4testens nach sieben Tage wieder gel\u00f6scht, soweit keine weitere Aufbewahrung zu Beweiszwecken erforderlich ist. Andernfalls sind die Daten bis zur endg\u00fcltigen Kl\u00e4rung eines Vorfalls ganz oder teilweise von der L\u00f6schung ausgenommen.<\/p>\n\n\n\n<h4 class=\"wp-block-heading\">Cookies<\/h4>\n\n\n\n<h5 class=\"wp-block-heading\">a) Sitzungs-Cookies\/Session-Cookies<\/h5>\n\n\n\n<p>Wir verwenden mit unserem Internetauftritt sog. Cookies. Cookies sind kleine Textdateien oder andere Speichertechnologien, die durch den von Ihnen eingesetzten Internet-Browser auf Ihrem Endger\u00e4t ablegt und gespeichert werden. Durch diese Cookies werden im individuellen Umfang bestimmte Informationen von Ihnen, wie beispielsweise Ihre Browser- oder Standortdaten oder Ihre IP-Adresse, verarbeitet. &nbsp;<\/p>\n\n\n\n<p>Durch diese Verarbeitung wird unser Internetauftritt benutzerfreundlicher, effektiver und sicherer, da die Verarbeitung bspw. die Wiedergabe unseres Internetauftritts in unterschiedlichen Sprachen oder das Angebot einer Warenkorbfunktion erm\u00f6glicht.<\/p>\n\n\n\n<p>Rechtsgrundlage dieser Verarbeitung ist Art. 6 Abs. 1 lit b.) DSGVO, sofern diese Cookies Daten zur Vertragsanbahnung oder Vertragsabwicklung verarbeitet werden.<\/p>\n\n\n\n<p>Falls die Verarbeitung nicht der Vertragsanbahnung oder Vertragsabwicklung dient, liegt unser berechtigtes Interesse in der Verbesserung der Funktionalit\u00e4t unseres Internetauftritts. Rechtsgrundlage ist in dann Art. 6 Abs. 1 lit. f) DSGVO.<\/p>\n\n\n\n<p>Mit Schlie\u00dfen Ihres Internet-Browsers werden diese Session-Cookies gel\u00f6scht.<\/p>\n\n\n\n<h5 class=\"wp-block-heading\">b) Drittanbieter-Cookies<\/h5>\n\n\n\n<p>Gegebenenfalls werden mit unserem Internetauftritt auch Cookies von Partnerunternehmen, mit denen wir zum Zwecke der Werbung, der Analyse oder der Funktionalit\u00e4ten unseres Internetauftritts zusammenarbeiten, verwendet.<\/p>\n\n\n\n<p>Die Einzelheiten hierzu, insbesondere zu den Zwecken und den Rechtsgrundlagen der Verarbeitung solcher Drittanbieter-Cookies, entnehmen Sie bitte den nachfolgenden Informationen.<\/p>\n\n\n\n<h5 class=\"wp-block-heading\">c) Beseitigungsm\u00f6glichkeit<\/h5>\n\n\n\n<p>Sie k\u00f6nnen die Installation der Cookies durch eine Einstellung Ihres Internet-Browsers verhindern oder einschr\u00e4nken. Ebenfalls k\u00f6nnen Sie bereits gespeicherte Cookies jederzeit l\u00f6schen. Die hierf\u00fcr erforderlichen Schritte und Ma\u00dfnahmen h\u00e4ngen jedoch von Ihrem konkret genutzten Internet-Browser ab. Bei Fragen benutzen Sie daher bitte die Hilfefunktion oder Dokumentation Ihres Internet-Browsers oder wenden sich an dessen Hersteller bzw. Support. Bei sog. Flash-Cookies kann die Verarbeitung allerdings nicht \u00fcber die Einstellungen des Browsers unterbunden werden. Stattdessen m\u00fcssen Sie insoweit die Einstellung Ihres Flash-Players \u00e4ndern. Auch die hierf\u00fcr erforderlichen Schritte und Ma\u00dfnahmen h\u00e4ngen von Ihrem konkret genutzten Flash-Player ab. Bei Fragen benutzen Sie daher bitte ebenso die Hilfefunktion oder Dokumentation Ihres Flash-Players oder wenden sich an den Hersteller bzw. Benutzer-Support.<\/p>\n\n\n\n<p>Sollten Sie die Installation der Cookies verhindern oder einschr\u00e4nken, kann dies allerdings dazu f\u00fchren, dass nicht s\u00e4mtliche Funktionen unseres Internetauftritts vollumf\u00e4nglich nutzbar sind.<\/p>\n\n\n\n<h4 class=\"wp-block-heading\">Vertragsabwicklung<\/h4>\n\n\n\n<p>Die von Ihnen zur Inanspruchnahme unseres Waren- und\/oder Dienstleistungsangebots \u00fcbermittelten Daten werden von uns zum Zwecke der Vertragsabwicklung verarbeitet und sind insoweit erforderlich. Vertragsschluss und Vertragsabwicklung sind ohne Bereitstellung Ihrer Daten nicht m\u00f6glich.<\/p>\n\n\n\n<p>Rechtsgrundlage f\u00fcr die Verarbeitung ist Art. 6 Abs. 1 lit. b) DSGVO.<\/p>\n\n\n\n<p>Wir l\u00f6schen die Daten mit vollst\u00e4ndiger Vertragsabwicklung, m\u00fcssen dabei aber die steuer- und handelsrechtlichen Aufbewahrungsfristen beachten.<\/p>\n\n\n\n<p>Im Rahmen der Vertragsabwicklung geben wir Ihre Daten an das mit der Warenlieferung beauftragte Transportunternehmen oder an den Finanzdienstleister weiter, soweit die Weitergabe zur Warenauslieferung oder zu Bezahlzwecken erforderlich ist.<\/p>\n\n\n\n<p>Rechtsgrundlage f\u00fcr die Weitergabe der Daten ist dann Art. 6 Abs. 1 lit. b) DSGVO.<\/p>\n\n\n\n<h4 class=\"wp-block-heading\">Kontaktanfragen \/ Kontaktm\u00f6glichkeit<\/h4>\n\n\n\n<p>Sofern Sie per Kontaktformular oder E-Mail mit uns in Kontakt treten, werden die dabei von Ihnen angegebenen Daten zur Bearbeitung Ihrer Anfrage genutzt. Die Angabe der Daten ist zur Bearbeitung und Beantwortung Ihre Anfrage erforderlich &#8211; ohne deren Bereitstellung k\u00f6nnen wir Ihre Anfrage nicht oder allenfalls eingeschr\u00e4nkt beantworten.<\/p>\n\n\n\n<p>Rechtsgrundlage f\u00fcr diese Verarbeitung ist Art. 6 Abs. 1 lit. b) DSGVO.<\/p>\n\n\n\n<p>Ihre Daten werden gel\u00f6scht, sofern Ihre Anfrage abschlie\u00dfend beantwortet worden ist und der L\u00f6schung keine gesetzlichen Aufbewahrungspflichten entgegenstehen, wie bspw. bei einer sich etwaig anschlie\u00dfenden Vertragsabwicklung.<\/p>\n\n\n\n<h4 class=\"wp-block-heading\">LinkedIn<\/h4>\n\n\n\n<p>Wir unterhalten bei LinkedIn eine Onlinepr\u00e4senz um unser Unternehmen sowie unsere Leistungen zu pr\u00e4sentieren und mit Kunden\/Interessenten zu kommunizieren. LinkedIn ist ein Service der LinkedIn Ireland Unlimited Company, Wilton Plaza, Wilton Place, Dublin 2, Irland, ein Tochterunternehmen der LinkedIn Corporation, 1000 W. Maude Avenue, Sunnyvale, CA 94085, USA.<\/p>\n\n\n\n<p>Insofern weisen wir darauf hin, dass die M\u00f6glichkeit besteht, dass Daten der Nutzer au\u00dferhalb der Europ\u00e4ischen Union, insbesondere in den USA, verarbeitet werden. Hierdurch k\u00f6nnen gesteigerte Risiken f\u00fcr die Nutzer insofern bestehen, als dass z.B. der sp\u00e4tere Zugriff auf die Nutzerdaten erschwert werden kann. Auch haben wir keinen Zugriff auf diese Nutzerdaten. Die Zugriffsm\u00f6glichkeit liegt ausschlie\u00dflich bei LinkedIn. Die LinkedIn Corporation ist unter dem Privacy Shield zertifiziert und hat sich damit verpflichtet, die europ\u00e4ischen Datenschutzstandards einzuhalten<\/p>\n\n\n\n<p><a href=\"https:\/\/www.privacyshield.gov\/participant?id=a2zt0000000L0UZAA0&amp;status=Active\">https:\/\/www.privacyshield.gov\/participant?id=a2zt0000000L0UZAA0&amp;status=Active<\/a><\/p>\n\n\n\n<p>Die Datenschutzhinweise von LinkedIn finden Sie unter<\/p>\n\n\n\n<p><a href=\"https:\/\/www.linkedin.com\/legal\/privacy-policy\">https:\/\/www.linkedin.com\/legal\/privacy-policy<\/a><\/p>\n\n\n\n<h3 class=\"wp-block-heading\">Verlinkung Social-Media \u00fcber Grafik oder Textlink<\/h3>\n\n\n\n<p>Wir bewerben auf unserer Webseite auch Pr\u00e4senzen auf den nachstehend aufgef\u00fchrten sozialen Netzwerken. Die Einbindung erfolgt dabei \u00fcber eine verlinkte Grafik des jeweiligen Netzwerks. Durch den Einsatz dieser verlinkten Grafik wird verhindert, dass es bei dem Aufruf einer Website, die \u00fcber eine Social-Media-Bewerbung verf\u00fcgt, automatisch zu einem Verbindungsaufbau zum jeweiligen Server des sozialen Netzwerks kommt, um eine Grafik des jeweiligen Netzwerkes selbst darzustellen. Erst durch einen Klick auf die entsprechende Grafik wird der Nutzer zu dem Dienst des jeweiligen sozialen Netzwerks weitergeleitet.<\/p>\n\n\n\n<p>Nach der Weiterleitung des Nutzers werden durch das jeweilige Netzwerk Informationen \u00fcber den Nutzer erfasst. Es kann hierbei nicht ausgeschlossen werden, dass eine Verarbeitung der so erhobenen&nbsp; Daten in den USA stattfindet.<\/p>\n\n\n\n<p>Dies sind zun\u00e4chst Daten wie IP-Adresse, Datum, Uhrzeit und besuchte Seite. Ist der Nutzer w\u00e4hrenddessen in seinem Benutzerkonto des jeweiligen Netzwerks eingeloggt, kann der Netzwerk-Betreiber ggf. die gesammelten Informationen des konkreten Besuchs des Nutzers dem pers\u00f6nlichen Account des Nutzers zuordnen. Interagiert der Nutzer \u00fcber einen \u201eTeilen\u201c-Button des jeweiligen Netzwerks, k\u00f6nnen diese Informationen in dem pers\u00f6nlichen Benutzerkonto des Nutzers gespeichert und ggf. ver\u00f6ffentlicht werden. Will der Nutzer verhindern, dass die gesammelten Informationen unmittelbar seinem Benutzerkonto zugeordnet werden, muss er sich vor dem Anklicken der Grafik ausloggen. Zudem besteht die M\u00f6glichkeit, das jeweilige Benutzerkonto entsprechend zu konfigurieren.<\/p>\n\n\n\n<p>Folgende soziale Netzwerke werden in unsere Seite durch Verlinkung eingebunden:<\/p>\n\n\n\n<h4 class=\"wp-block-heading\">LinkedIn<\/h4>\n\n\n\n<p>LinkedIn Ireland Unlimited Company, Wilton Plaza, Wilton Place, Dublin 2, Irland, ein Tochterunternehmen der LinkedIn Corporation, 1000 W. Maude Avenue, Sunnyvale, CA 94085 USA.<\/p>\n\n\n\n<p>Datenschutzerkl\u00e4rung:&nbsp;<a href=\"https:\/\/www.linkedin.com\/legal\/privacy-policy\" target=\"_blank\" rel=\"noreferrer noopener\">https:\/\/www.linkedin.com\/legal\/privacy-policy<\/a><\/p>\n\n\n\n<p>Zertifizierung EU-US-Datenschutz (\u201eEU-US Privacy Shield\u201c)&nbsp;<a href=\"https:\/\/www.privacyshield.gov\/participant?id=a2zt0000000L0UZAA0&amp;status=Active\" target=\"_blank\" rel=\"noreferrer noopener\">https:\/\/www.privacyshield.gov\/participant?id=a2zt0000000L0UZAA0&amp;status=Active<\/a><\/p>\n\n\n\n<h4 class=\"wp-block-heading\">\u201eShariff\u201c-Social-Media-Buttons<\/h4>\n\n\n\n<p>In unserem Internetauftritt setzten wir die Plug-ins der nachfolgend genannten Social-Networks ein. Zur Einbindung dieser Plug-ins nutzen wir wiederum das Plug-in \u201eShariff\u201c.<\/p>\n\n\n\n<p>Rechtsgrundlage ist Art. 6 Abs. 1 lit. f) DSGVO. Unser berechtigtes Interesse liegt in der Qualit\u00e4tsverbesserung unseres Internetauftritts<\/p>\n\n\n\n<p>Shariff ist ein Open-Source-Programm, das von c\u2019t und heise entwickelt worden ist. Durch die Einbindung dieses Plug-ins wird im Wege verlinkter Grafiken verhindert, dass die nachfolgend n\u00e4her benannten Social-Network-Plug-ins bei Ihrem Besuch unserer Internetseite(n), auf der\/denen wiederum das jeweilige Social-Network-Plug-in eingebunden ist, automatisch eine Verbindung zu dem jeweiligen Server des Social-Network-Plug-ins herstellt. Erst wenn Sie auf eine dieser verlinkten Grafiken klicken, werden Sie zu dem Dienst des jeweiligen Social-Networks weitergeleitet. Auch erst dann werden durch das jeweilige Social-Network Informationen \u00fcber den Nutzungsvorgang erfasst. Zu diesen Informationen z\u00e4hlen bspw. Ihre IP-Adresse, das Datum nebst Uhrzeit sowie die von Ihnen besuchte Seite unseres Internetauftritts.<\/p>\n\n\n\n<p>Sollten Sie bei einem der Social-Network-Dienste eingeloggt sein, w\u00e4hrend Sie eine unserer mit dem damit korrespondieren Plug-in versehenen Internetseite besuchen, kann der Anbieter des jeweiligen Social-Networks wom\u00f6glich die so gesammelten Informationen Ihres konkreten Besuchs erkennen und Ihrem pers\u00f6nlichen Nutzerkonto zuordnen bzw. hier\u00fcber ver\u00f6ffentlichen. Sofern Sie also bspw. den sog. \u201eTeilen\u201c-Button des jeweiligen Social-Networks benutzen, werden diese Informationen ggf. in Ihrem dortigen Nutzerkonto gespeichert und \u00fcber die Plattform des jeweiligen Social-Network-Anbieters ver\u00f6ffentlicht. Wenn Sie das verhindern m\u00f6chten, m\u00fcssen Sie sich entweder vor dem Klick auf die Grafik bei dem jeweiligen Social-Network ausloggen oder die entsprechenden Einstellungen in Ihrem Benutzerkonto des Social-Networks vornehmen.<\/p>\n\n\n\n<p>Weitergehende Informationen \u00fcber \u201eShariff\u201c h\u00e4lt heise unter<\/p>\n\n\n\n<p><a href=\"https:\/\/www.heise.de\/ct\/artikel\/Shariff-Social-Media-Buttons-mit-Datenschutz-2467514.html\">https:\/\/www.heise.de\/ct\/artikel\/Shariff-Social-Media-Buttons-mit-Datenschutz-2467514.html<\/a><\/p>\n\n\n\n<p>bereit.<\/p>\n\n\n\n<p>Folgende Social-Networks sind in unseren Internetauftritt eingebunden:<\/p>\n\n\n\n<p><strong>Google+<\/strong>&nbsp;der Google Ireland Limited, Gordon House, Barrow Street, Dublin 4, Irland<\/p>\n\n\n\n<p>Datenschutzinformationen sind zu finden unter&nbsp;<a target=\"_blank\" rel=\"noreferrer noopener\" href=\"https:\/\/policies.google.com\/privacy\">https:\/\/policies.google.com\/privacy<\/a><\/p>\n\n\n\n<p>Durch die Zertifizierung nach dem EU-US-Datenschutzschild (\u201eEU-US Privacy Shield\u201c)<\/p>\n\n\n\n<p><a href=\"https:\/\/www.privacyshield.gov\/participant?id=a2zt000000001L5AAI&amp;status=Active\">https:\/\/www.privacyshield.gov\/participant?id=a2zt000000001L5AAI&amp;status=Active<\/a><\/p>\n\n\n\n<p>garantiert Google, dass die Datenschutzvorgaben der EU auch bei der Verarbeitung von Daten in den USA eingehalten werden.<\/p>\n\n\n\n<p><strong>Facebook<\/strong>&nbsp;der Facebook Inc., 1601 S. California Ave, Palo Alto, CA 94304, USA, betrieben innerhalb der EU durch Facebook Ireland Limited, 4 Grand Canal Square, Dublin 2, Irland.&nbsp;<\/p>\n\n\n\n<p>Datenschutzinformationen sind zu finden unter&nbsp;<a target=\"_blank\" rel=\"noreferrer noopener\" href=\"https:\/\/www.facebook.com\/policy.php\">https:\/\/www.facebook.com\/policy.php<\/a><\/p>\n\n\n\n<p>Durch die Zertifizierung nach dem EU-US-Datenschutzschild (\u201eEU-US Privacy Shield\u201c)<\/p>\n\n\n\n<p><a href=\"https:\/\/www.privacyshield.gov\/participant?id=a2zt0000000GnywAAC&amp;status=Active\">https:\/\/www.privacyshield.gov\/participant?id=a2zt0000000GnywAAC&amp;status=Active<\/a><\/p>\n\n\n\n<p>garantiert Facebook, dass die Datenschutzvorgaben der EU auch bei der Verarbeitung von Daten in den USA eingehalten werden.<\/p>\n\n\n\n<p><strong>Twitter<\/strong>&nbsp;der Twitter Inc., 795 Folsom St., Suite 600, San Francisco, CA 94107, USA.<\/p>\n\n\n\n<p>Datenschutzinformationen sind zu finden unter&nbsp;<a target=\"_blank\" rel=\"noreferrer noopener\" href=\"https:\/\/twitter.com\/privacy\">https:\/\/twitter.com\/privacy<\/a><\/p>\n\n\n\n<p>Durch die Zertifizierung nach dem EU-US-Datenschutzschild (\u201eEU-US Privacy Shield\u201c)<\/p>\n\n\n\n<p><a href=\"https:\/\/www.privacyshield.gov\/participant?id=a2zt0000000TORzAAO&amp;status=Active\">https:\/\/www.privacyshield.gov\/participant?id=a2zt0000000TORzAAO&amp;status=Active<\/a><\/p>\n\n\n\n<p>garantiert Twitter, dass die Datenschutzvorgaben der EU auch bei der Verarbeitung von Daten in den USA eingehalten werden.<\/p>\n\n\n\n<h4 class=\"wp-block-heading\">Google Analytics<\/h4>\n\n\n\n<p>In unserem Internetauftritt setzen wir Google Analytics ein. Hierbei handelt es sich um einen Webanalysedienst der Google Ireland Limited, Gordon House, Barrow Street, Dublin 4, Irland, nachfolgend nur \u201eGoogle\u201c genannt.<\/p>\n\n\n\n<p>Durch die Zertifizierung nach dem EU-US-Datenschutzschild (\u201eEU-US Privacy Shield\u201c)<\/p>\n\n\n\n<p><a href=\"https:\/\/www.privacyshield.gov\/participant?id=a2zt000000001L5AAI&amp;status=Active\">https:\/\/www.privacyshield.gov\/participant?id=a2zt000000001L5AAI&amp;status=Active<\/a><\/p>\n\n\n\n<p>garantiert Google, dass die Datenschutzvorgaben der EU auch bei der Verarbeitung von Daten in den USA eingehalten werden.<\/p>\n\n\n\n<p>Der Dienst Google Analytics dient zur Analyse des Nutzungsverhaltens unseres Internetauftritts. Rechtsgrundlage ist Art. 6 Abs. 1 lit. f) DSGVO. Unser berechtigtes Interesse liegt in der Analyse, Optimierung und dem wirtschaftlichen Betrieb unseres Internetauftritts.<\/p>\n\n\n\n<p>Nutzungs- und nutzerbezogene Informationen, wie bspw. IP-Adresse, Ort, Zeit oder H\u00e4ufigkeit des Besuchs unseres Internetauftritts, werden dabei an einen Server von Google in den USA \u00fcbertragen und dort gespeichert. Allerdings nutzen wir Google Analytics mit der sog. Anonymisierungsfunktion. Durch diese Funktion k\u00fcrzt Google die IP-Adresse schon innerhalb der EU bzw. des EWR.<\/p>\n\n\n\n<p>Die so erhobenen Daten werden wiederum von Google genutzt, um uns eine Auswertung \u00fcber den Besuch unseres Internetauftritts sowie \u00fcber die dortigen Nutzungsaktivit\u00e4ten zur Verf\u00fcgung zu stellen. Auch k\u00f6nnen diese Daten genutzt werden, um weitere Dienstleistungen zu erbringen, die mit der Nutzung unseres Internetauftritts und der Nutzung des Internets zusammenh\u00e4ngen.<\/p>\n\n\n\n<p>Google gibt an, Ihre IP-Adresse nicht mit anderen Daten zu verbinden. Zudem h\u00e4lt Google unter<\/p>\n\n\n\n<p><a href=\"https:\/\/www.google.com\/intl\/de\/policies\/privacy\/partners\">https:\/\/www.google.com\/intl\/de\/policies\/privacy\/partners<\/a><\/p>\n\n\n\n<p>weitere datenschutzrechtliche Informationen f\u00fcr Sie bereit, so bspw. auch zu den M\u00f6glichkeiten, die Datennutzung zu unterbinden.<\/p>\n\n\n\n<p>Zudem bietet Google unter<\/p>\n\n\n\n<p><a href=\"https:\/\/tools.google.com\/dlpage\/gaoptout?hl=de\">https:\/\/tools.google.com\/dlpage\/gaoptout?hl=de<\/a><\/p>\n\n\n\n<p>ein sog. Deaktivierungs-Add-on nebst weiteren Informationen hierzu an. Dieses Add-on l\u00e4sst sich mit den g\u00e4ngigen Internet-Browsern installieren und bietet Ihnen weitergehende Kontrollm\u00f6glichkeit \u00fcber die Daten, die Google bei Aufruf unseres Internetauftritts erfasst. Dabei teilt das Add-on dem JavaScript (ga.js) von Google Analytics mit, dass Informationen zum Besuch unseres Internetauftritts nicht an Google Analytics \u00fcbermittelt werden sollen. Dies verhindert aber nicht, dass Informationen an uns oder an andere Webanalysedienste \u00fcbermittelt werden. Ob und welche weiteren Webanalysedienste von uns eingesetzt werden, erfahren Sie nat\u00fcrlich ebenfalls in dieser Datenschutzerkl\u00e4rung.<\/p>\n\n\n\n<h4 class=\"wp-block-heading\">Google-Maps<\/h4>\n\n\n\n<p>In unserem Internetauftritt setzen wir Google Maps zur Darstellung unseres Standorts sowie zur Erstellung einer Anfahrtsbeschreibung ein. Es handelt sich hierbei um einen Dienst der Google Ireland Limited, Gordon House, Barrow Street, Dublin 4, Irland, nachfolgend nur \u201eGoogle\u201c genannt.<\/p>\n\n\n\n<p>Durch die Zertifizierung nach dem EU-US-Datenschutzschild (\u201eEU-US Privacy Shield\u201c)<\/p>\n\n\n\n<p><a href=\"https:\/\/www.privacyshield.gov\/participant?id=a2zt000000001L5AAI&amp;status=Active\">https:\/\/www.privacyshield.gov\/participant?id=a2zt000000001L5AAI&amp;status=Active<\/a><\/p>\n\n\n\n<p>garantiert Google, dass die Datenschutzvorgaben der EU auch bei der Verarbeitung von Daten in den USA eingehalten werden.<\/p>\n\n\n\n<p>Um die Darstellung bestimmter Schriften in unserem Internetauftritt zu erm\u00f6glichen, wird bei Aufruf unseres Internetauftritts eine Verbindung zu dem Google-Server in den USA aufgebaut.<\/p>\n\n\n\n<p>Sofern Sie die in unseren Internetauftritt eingebundene Komponente Google Maps aufrufen, speichert Google \u00fcber Ihren Internet-Browser ein Cookie auf Ihrem Endger\u00e4t. Um unseren Standort anzuzeigen und eine Anfahrtsbeschreibung zu erstellen, werden Ihre Nutzereinstellungen und -daten verarbeitet. Hierbei k\u00f6nnen wir nicht ausschlie\u00dfen, dass Google Server in den USA einsetzt.<\/p>\n\n\n\n<p>Rechtsgrundlage ist Art. 6 Abs. 1 lit. f) DSGVO. Unser berechtigtes Interesse liegt in der Optimierung der Funktionalit\u00e4t unseres Internetauftritts.<\/p>\n\n\n\n<p>Durch die so hergestellte Verbindung zu Google kann Google ermitteln, von welcher Website Ihre Anfrage gesendet worden ist und an welche IP-Adresse die Anfahrtsbeschreibung zu \u00fcbermitteln ist.<\/p>\n\n\n\n<p>Sofern Sie mit dieser Verarbeitung nicht einverstanden sind, haben Sie die M\u00f6glichkeit, die Installation der Cookies durch die entsprechenden Einstellungen in Ihrem Internet-Browser zu verhindern. Einzelheiten hierzu finden Sie vorstehend unter dem Punkt \u201eCookies\u201c.<\/p>\n\n\n\n<p>Zudem erfolgt die Nutzung von Google Maps sowie der \u00fcber Google Maps erlangten Informationen nach den&nbsp;<a target=\"_blank\" rel=\"noreferrer noopener\" href=\"https:\/\/www.google.de\/accounts\/TOS\">Google-Nutzungsbedingungen<\/a>&nbsp;<a target=\"_blank\" rel=\"noreferrer noopener\" href=\"https:\/\/policies.google.com\/terms?gl=DE&amp;hl=de\">https:\/\/policies.google.com\/terms?gl=DE&amp;hl=de<\/a>&nbsp;und den&nbsp;<a target=\"_blank\" rel=\"noreferrer noopener\" href=\"https:\/\/www.google.com\/intl\/de_de\/help\/terms_maps.html\">Gesch\u00e4ftsbedingungen f\u00fcr Google Maps<\/a>&nbsp;https:\/\/www.google.com\/intl\/de_de\/help\/terms_maps.html.<\/p>\n\n\n\n<p>\u00dcberdies bietet Google unter<\/p>\n\n\n\n<p><a href=\"https:\/\/adssettings.google.com\/authenticated\">https:\/\/adssettings.google.com\/authenticated<\/a><\/p>\n\n\n\n<p><a href=\"https:\/\/policies.google.com\/privacy\">https:\/\/policies.google.com\/privacy<\/a><\/p>\n\n\n\n<p>weitergehende Informationen an.<\/p>\n\n\n\n<h4 class=\"wp-block-heading\">Google reCAPTCHA<\/h4>\n\n\n\n<p>In unserem Internetauftritt setzen wir Google reCAPTCHA zur \u00dcberpr\u00fcfung und Vermeidung von Interaktionen auf unserer Internetseite durch automatisierte Zugriffe, bspw. durch sog. Bots, ein. Es handelt sich hierbei um einen Dienst der Google Ireland Limited, Gordon House, Barrow Street, Dublin 4, Irland, nachfolgend nur \u201eGoogle\u201c genannt.<\/p>\n\n\n\n<p>Durch die Zertifizierung nach dem EU-US-Datenschutzschild (\u201eEU-US Privacy Shield\u201c)<\/p>\n\n\n\n<p><a href=\"https:\/\/www.privacyshield.gov\/participant?id=a2zt000000001L5AAI&amp;status=Active\">https:\/\/www.privacyshield.gov\/participant?id=a2zt000000001L5AAI&amp;status=Active<\/a><\/p>\n\n\n\n<p>garantiert Google, dass die Datenschutzvorgaben der EU auch bei der Verarbeitung von Daten in den USA eingehalten werden.<\/p>\n\n\n\n<p>Durch diesen Dienst kann Google ermitteln, von welcher Webseite eine Anfrage gesendet wird sowie von welcher IP-Adresse aus Sie die sog. reCAPTCHA-Eingabebox verwenden. Neben Ihrer IP-Adresse werden wom\u00f6glich noch weitere Informationen durch Google erfasst, die f\u00fcr das Angebot und die Gew\u00e4hrleistung dieses Dienstes notwendig sind.&nbsp;&nbsp;&nbsp;<\/p>\n\n\n\n<p>Rechtsgrundlage ist Art. 6 Abs. 1 lit. f) DSGVO. Unser berechtigtes Interesse liegt in der Sicherheit unseres Internetauftritts sowie in der Abwehr unerw\u00fcnschter, automatisierter Zugriffe in Form von Spam o.\u00e4..<\/p>\n\n\n\n<p>Google bietet unter<\/p>\n\n\n\n<p><a href=\"https:\/\/policies.google.com\/privacy\">https:\/\/policies.google.com\/privacy<\/a><\/p>\n\n\n\n<p>weitergehende Informationen zu dem allgemeinen Umgang mit Ihren Nutzerdaten an.<\/p>\n\n\n\n<h4 class=\"wp-block-heading\">Google Fonts<\/h4>\n\n\n\n<p>In unserem Internetauftritt setzen wir Google Fonts zur Darstellung externer Schriftarten ein. Es handelt sich hierbei um einen Dienst der Google Ireland Limited, Gordon House, Barrow Street, Dublin 4, Irland, nachfolgend nur \u201eGoogle\u201c genannt.<\/p>\n\n\n\n<p>Durch die Zertifizierung nach dem EU-US-Datenschutzschild (\u201eEU-US Privacy Shield\u201c)<\/p>\n\n\n\n<p><a href=\"https:\/\/www.privacyshield.gov\/participant?id=a2zt000000001L5AAI&amp;status=Active\">https:\/\/www.privacyshield.gov\/participant?id=a2zt000000001L5AAI&amp;status=Active<\/a><\/p>\n\n\n\n<p>garantiert Google, dass die Datenschutzvorgaben der EU auch bei der Verarbeitung von Daten in den USA eingehalten werden.<\/p>\n\n\n\n<p>Um die Darstellung bestimmter Schriften in unserem Internetauftritt zu erm\u00f6glichen, wird bei Aufruf unseres Internetauftritts eine Verbindung zu dem Google-Server in den USA aufgebaut.<\/p>\n\n\n\n<p>Rechtsgrundlage ist Art. 6 Abs. 1 lit. f) DSGVO. Unser berechtigtes Interesse liegt in der Optimierung und dem wirtschaftlichen Betrieb unseres Internetauftritts.<\/p>\n\n\n\n<p>Durch die bei Aufruf unseres Internetauftritts hergestellte Verbindung zu Google kann Google ermitteln, von welcher Website Ihre Anfrage gesendet worden ist und an welche IP-Adresse die Darstellung der Schrift zu \u00fcbermitteln ist.<\/p>\n\n\n\n<p>Google bietet unter<\/p>\n\n\n\n<p><a href=\"https:\/\/adssettings.google.com\/authenticated\">https:\/\/adssettings.google.com\/authenticated<\/a><\/p>\n\n\n\n<p><a href=\"https:\/\/policies.google.com\/privacy\">https:\/\/policies.google.com\/privacy<\/a><\/p>\n\n\n\n<p>weitere Informationen an und zwar insbesondere zu den M\u00f6glichkeiten der Unterbindung der Datennutzung.<\/p>\n\n\n\n<h4 class=\"wp-block-heading\">GOOGLE-Suchfunktion (\u201eCSE\u201c)<\/h4>\n\n\n\n<p>Zur Volltextsuche auf der Website setzen wir die \u201eGoogle benutzerdefinierte Suche\u201c (Google Custom Search Engine \u201eCSE\u201c) ein. \u201eCSE\u201c ist ein Dienst der Google Ireland Limited, Gordon House, Barrow Street, Dublin 4, Irland, nachfolgend \u201eGoogle\u201c.<br><br>Google ist nach dem \u201eEU-US Privacy Shield\u201c zertifiziert und garantiert dadurch die Einhaltung der Datenschutzvorgaben der EU bei der Verarbeitung der Daten in den USA.&nbsp;<br>&nbsp;<br><a href=\"https:\/\/www.privacyshield.gov\/participant?id=a2zt000000001L5AAI&amp;status=Active\" target=\"_blank\" rel=\"noreferrer noopener\">https:\/\/www.privacyshield.gov\/participant?id=a2zt000000001L5AAI&amp;status=Active<\/a><br><br>\u201eCSE\u201c erm\u00f6glicht eine Volltextsuche nach Inhalten auf unserer Webseite. Der Zugriff auf diese Suchfunktion erfolgt \u00fcber eine Such-Box \u201eGoogle Benutzerdefinierte Suche\u201c.<br><br>Rechtsgrundlage ist hierbei&nbsp;<a href=\"https:\/\/dejure.org\/gesetze\/DSGVO\/6.html\" target=\"_blank\" rel=\"noreferrer noopener\">Art. 6 Abs. 1 lit. f DSGVO<\/a>. Unser berechtigtes Interesse besteht in der Anwenderfreundlichkeit der Website.<br><br>Die Funktion ist als Software-Modul von Google unver\u00e4ndert auf unserer Website integriert.<br>Wird die Suche durch Eingabe eines Suchbegriffes aktiviert, l\u00e4dt Google anhand eines Plugins die gesuchten Informationen. Gleichzeitig werden zur Ausf\u00fchrung der Suche und der Darstellung der Suchergebnisse die vom Nutzer eingegebenen Begriffe und die IP-Adresse des Nutzers an Google \u00fcbertragen.<br><br>Sofern der Nutzer zum Zeitpunkt des Suchvorganges in seinem bestehenden Google-Konto eingeloggt ist, kann Google die erfassten Informationen dem zugeh\u00f6rigen Nutzerprofil zuzuordnen.<br><br>Weitergehende Informationen, insbesondere zu den M\u00f6glichkeiten der Unterbindung der Datennutzung, bietet Google unter den nachfolgenden Links an:<br><br><a href=\"https:\/\/policies.google.com\/privacy\" target=\"_blank\" rel=\"noreferrer noopener\">https:\/\/policies.google.com\/privacy<\/a><br><a href=\"https:\/\/adssettings.google.com\/authenticated\" target=\"_blank\" rel=\"noreferrer noopener\">https:\/\/adssettings.google.com\/authenticated<\/a><br><br><\/p>\n\n\n\n<h4 class=\"wp-block-heading\">Cookiebot<\/h4>\n\n\n\n<p>Als \u201eCookie-Banner\u201c setzen wir \u201eCookiebot\u201c ein. \u201eCookiebot\u201c ist ein Produkt der Cybot A\/S, Havnegade 39, 1058 Kopenhagen, D\u00e4nemark, nachfolgend \u201eCybot\u201c.<br><br>Durch die Funktion \u201eCookiebot\u201c informieren wir den Nutzer \u00fcber die Verwendung von Cookies auf der Website und erm\u00f6glichen es dem Nutzer eine Entscheidung \u00fcber deren Nutzung zu treffen.<br><br>Gibt der Nutzer seine Zustimmung zu der Verwendung der Cookies, werden die folgenden Daten automatisch bei Cybot protokolliert:<br><br>\u2022&nbsp;&nbsp;&nbsp; Die anonymisierte IP-Nummer des Nutzers;<br>\u2022&nbsp;&nbsp;&nbsp; Datum und Uhrzeit der Zustimmung;<br>\u2022&nbsp;&nbsp;&nbsp; Benutzeragent des Browsers des Endnutzers;<br>\u2022&nbsp;&nbsp;&nbsp; Die URL des Anbieters;<br>\u2022&nbsp;&nbsp;&nbsp; Ein anonymer, zuf\u00e4lliger und verschl\u00fcsselter Key.<br>\u2022&nbsp;&nbsp;&nbsp; Die zugelassenen Cookies des Nutzers (Cookie-Status), der als Nachweis der Zustimmung dient.<br><br>Der verschl\u00fcsselte Key und der Cookie-Status werden anhand eines Cookies auf dem Endger\u00e4t des Nutzers gespeichert, um bei zuk\u00fcnftigen Seitenaufrufen den entsprechenden Cookie-Status herzustellen. Dieses Cookie l\u00f6scht sich automatisch nach 12 Monaten.&nbsp;<br><br>Rechtsgrundlage ist hierbei&nbsp;<a href=\"https:\/\/dejure.org\/gesetze\/DSGVO\/6.html\" target=\"_blank\" rel=\"noreferrer noopener\">Art. 6 Abs. 1 lit. f DSGVO<\/a>. Unser berechtigtes Interesse besteht in der Anwenderfreundlichkeit der Website sowie in der Erf\u00fcllung der gesetzlichen Vorgaben der DSGVO.<br><br>Die Installation des Cookies sowie dessen Speicherung, und damit seine Cookie-Zustimmung, kann der Nutzer durch Einstellungen seines Browsers jederzeit verhindern bzw. beenden.<\/p>\n\n\n\n<p>Weitergehende Informationen zum Thema Datenschutz bietet Cybot unter den nachfolgenden Links an:<br><br><a href=\"https:\/\/www.cookiebot.com\/de\/privacy-policy\/\" target=\"_blank\" rel=\"noreferrer noopener\">https:\/\/www.cookiebot.com\/de\/privacy-policy\/<\/a><\/p>\n\n\n\n<h4 class=\"wp-block-heading\">MailChimp &#8211; Newsletter<\/h4>\n\n\n\n<p>Wir bieten Ihnen die M\u00f6glichkeit an, sich bei uns \u00fcber unseren Internetauftritt f\u00fcr unsere kostenlosen Newsletter anmelden zu k\u00f6nnen.<\/p>\n\n\n\n<p>Zum Newsletterversand setzen wir MailChimp, einen Dienst der The Rocket Science Group, LLC, 512 Means Street, Suite 404, Atlanta, GA 30318, USA, nachfolgend nur \u201eThe Rocket Science Group\u201c genannt, ein.<\/p>\n\n\n\n<p>Durch die Zertifizierung nach dem EU-US-Datenschutzschild (\u201eEU-US Privacy Shield\u201c)<\/p>\n\n\n\n<p><a href=\"https:\/\/www.privacyshield.gov\/participant?id=a2zt0000000TO6hAAG&amp;status=Active\">https:\/\/www.privacyshield.gov\/participant?id=a2zt0000000TO6hAAG&amp;status=Active<\/a><\/p>\n\n\n\n<p>garantiert The Rocket Science Group, dass die Datenschutzvorgaben der EU auch bei der Verarbeitung von Daten in den USA eingehalten werden. Zudem bietet The Rocket Science Group unter<\/p>\n\n\n\n<p><a href=\"https:\/\/mailchimp.com\/legal\/privacy\/\">https:\/\/mailchimp.com\/legal\/privacy\/<\/a><\/p>\n\n\n\n<p>weitergehende Datenschutzinformationen an.<\/p>\n\n\n\n<p>Falls Sie sich zu unserem Newsletter-Versand anmelden, werden die w\u00e4hrend des Anmeldevorgangs abgefragten Daten, wie Ihre E-Mail-Adresse sowie, optional, Ihr Name nebst Anschrift, durch The Rocket Science Group verarbeitet. Zudem werden Ihre IP-Adresse sowie das Datum Ihrer Anmeldung nebst Uhrzeit gespeichert. Im Rahmen des weiteren Anmeldevorgangs wird Ihre Einwilligung in die \u00dcbersendung des Newsletters eingeholt, der Inhalt konkret beschreiben und auf diese Datenschutzerkl\u00e4rung verwiesen.<\/p>\n\n\n\n<p>Der anschlie\u00dfend \u00fcber The Rocket Science Group versandte Newsletter enth\u00e4lt zudem einen sog. Z\u00e4hlpixel, auch Web Beacon genannt\u201c. Mit Hilfe dieses Z\u00e4hlpixels k\u00f6nnen wir auswerten, ob und wann Sie unseren Newsletter gelesen haben und ob Sie den in dem Newsletter etwaig enthaltenen weiterf\u00fchrenden Links gefolgt sind. Neben weiteren technischen Daten, wie bspw. die Daten Ihres EDV-Systems und Ihre IP-Adresse, werden die dabei verarbeiteten Daten gespeichert, damit wir unser Newsletter-Angebot optimieren und auf die W\u00fcnsche der Leser eingehen k\u00f6nnen. Die Daten werden also zur Steigerung der Qualit\u00e4t und Attraktivit\u00e4t unseres Newsletter-Angebots zu steigern.<\/p>\n\n\n\n<p>Rechtsgrundlage f\u00fcr den Versand des Newsletters und die Analyse ist Art. 6 Abs. 1 lit. a.) DSGVO.<\/p>\n\n\n\n<p>Die Einwilligung in den Newsletter-Versand k\u00f6nnen Sie gem\u00e4\u00df Art. 7 Abs. 3 DSGVO jederzeit mit Wirkung f\u00fcr die Zukunft widerrufen. Hierzu m\u00fcssen Sie uns lediglich \u00fcber Ihren Widerruf in Kenntnis setzen oder den in jedem Newsletter enthaltenen Abmeldelink bet\u00e4tigen.<\/p>\n\n\n\n<p><a rel=\"noreferrer noopener\" target=\"_blank\" href=\"https:\/\/www.ratgeberrecht.eu\/leistungen\/muster-datenschutzerklaerung.html\">Muster-Datenschutzerkl\u00e4rung<\/a>&nbsp;der&nbsp;<a rel=\"noreferrer noopener\" target=\"_blank\" href=\"https:\/\/www.ratgeberrecht.eu\/datenschutz\/datenschutzerklaerung-generator-dsgvo.html\">Anwaltskanzlei Wei\u00df &amp; Partner<\/a><\/p>","protected":false},"excerpt":{"rendered":"<p>Personenbezogene Daten (nachfolgend zumeist nur \u201eDaten\u201c genannt) werden von uns nur im Rahmen der Erforderlichkeit sowie zum Zwecke der Bereitstellung eines funktionsf\u00e4higen und nutzerfreundlichen Internetauftritts, inklusive seiner Inhalte und der dort angebotenen Leistungen, verarbeitet. Gem\u00e4\u00df Art. 4 Ziffer 1. der Verordnung (EU) 2016\/679, also der Datenschutz-Grundverordnung (nachfolgend nur \u201eDSGVO\u201c genannt), gilt als \u201eVerarbeitung\u201c jeder mit [&hellip;]<\/p>\n","protected":false},"author":1,"featured_media":0,"parent":0,"menu_order":0,"comment_status":"closed","ping_status":"open","template":"","meta":{"_uag_custom_page_level_css":"","site-sidebar-layout":"default","site-content-layout":"default","ast-site-content-layout":"default","site-content-style":"default","site-sidebar-style":"default","ast-global-header-display":"","ast-banner-title-visibility":"","ast-main-header-display":"","ast-hfb-above-header-display":"","ast-hfb-below-header-display":"","ast-hfb-mobile-header-display":"","site-post-title":"","ast-breadcrumbs-content":"","ast-featured-img":"","footer-sml-layout":"","ast-disable-related-posts":"","theme-transparent-header-meta":"default","adv-header-id-meta":"","stick-header-meta":"default","header-above-stick-meta":"","header-main-stick-meta":"","header-below-stick-meta":"","astra-migrate-meta-layouts":"default","ast-page-background-enabled":"default","ast-page-background-meta":{"desktop":{"background-color":"","background-image":"","background-repeat":"repeat","background-position":"center center","background-size":"auto","background-attachment":"scroll","background-type":"","background-media":"","overlay-type":"","overlay-color":"","overlay-opacity":"","overlay-gradient":""},"tablet":{"background-color":"","background-image":"","background-repeat":"repeat","background-position":"center center","background-size":"auto","background-attachment":"scroll","background-type":"","background-media":"","overlay-type":"","overlay-color":"","overlay-opacity":"","overlay-gradient":""},"mobile":{"background-color":"","background-image":"","background-repeat":"repeat","background-position":"center center","background-size":"auto","background-attachment":"scroll","background-type":"","background-media":"","overlay-type":"","overlay-color":"","overlay-opacity":"","overlay-gradient":""}},"ast-content-background-meta":{"desktop":{"background-color":"var(--ast-global-color-5)","background-image":"","background-repeat":"repeat","background-position":"center center","background-size":"auto","background-attachment":"scroll","background-type":"","background-media":"","overlay-type":"","overlay-color":"","overlay-opacity":"","overlay-gradient":""},"tablet":{"background-color":"var(--ast-global-color-5)","background-image":"","background-repeat":"repeat","background-position":"center center","background-size":"auto","background-attachment":"scroll","background-type":"","background-media":"","overlay-type":"","overlay-color":"","overlay-opacity":"","overlay-gradient":""},"mobile":{"background-color":"var(--ast-global-color-5)","background-image":"","background-repeat":"repeat","background-position":"center center","background-size":"auto","background-attachment":"scroll","background-type":"","background-media":"","overlay-type":"","overlay-color":"","overlay-opacity":"","overlay-gradient":""}},"footnotes":""},"class_list":["post-3","page","type-page","status-publish","hentry"],"yoast_head":"<!-- This site is optimized with the Yoast SEO plugin v26.8 - https:\/\/yoast.com\/product\/yoast-seo-wordpress\/ -->\n<title>Datenschutzerkl\u00e4rung - Institut f\u00fcr \u00d6kumenische<\/title>\n<meta name=\"robots\" content=\"index, follow, max-snippet:-1, max-image-preview:large, max-video-preview:-1\" \/>\n<link rel=\"canonical\" href=\"http:\/\/ecumenical-institute.org\/en\/datenschutzerklaerung\/\" \/>\n<meta property=\"og:locale\" content=\"en_GB\" \/>\n<meta property=\"og:type\" content=\"article\" \/>\n<meta property=\"og:title\" content=\"Datenschutzerkl\u00e4rung - Institut f\u00fcr \u00d6kumenische\" \/>\n<meta property=\"og:description\" content=\"Personenbezogene Daten (nachfolgend zumeist nur \u201eDaten\u201c genannt) werden von uns nur im Rahmen der Erforderlichkeit sowie zum Zwecke der Bereitstellung eines funktionsf\u00e4higen und nutzerfreundlichen Internetauftritts, inklusive seiner Inhalte und der dort angebotenen Leistungen, verarbeitet. Gem\u00e4\u00df Art. 4 Ziffer 1. der Verordnung (EU) 2016\/679, also der Datenschutz-Grundverordnung (nachfolgend nur \u201eDSGVO\u201c genannt), gilt als \u201eVerarbeitung\u201c jeder mit [&hellip;]\" \/>\n<meta property=\"og:url\" content=\"http:\/\/ecumenical-institute.org\/en\/datenschutzerklaerung\/\" \/>\n<meta property=\"og:site_name\" content=\"Institut f\u00fcr \u00d6kumenische\" \/>\n<meta property=\"article:modified_time\" content=\"2021-09-10T12:24:31+00:00\" \/>\n<meta name=\"twitter:card\" content=\"summary_large_image\" \/>\n<meta name=\"twitter:label1\" content=\"Estimated reading time\" \/>\n\t<meta name=\"twitter:data1\" content=\"20 minutes\" \/>\n<script type=\"application\/ld+json\" class=\"yoast-schema-graph\">{\"@context\":\"https:\/\/schema.org\",\"@graph\":[{\"@type\":\"WebPage\",\"@id\":\"http:\/\/ecumenical-institute.org\/en\/datenschutzerklaerung\/\",\"url\":\"http:\/\/ecumenical-institute.org\/en\/datenschutzerklaerung\/\",\"name\":\"Datenschutzerkl\u00e4rung - Institut f\u00fcr \u00d6kumenische\",\"isPartOf\":{\"@id\":\"https:\/\/ecumenical-institute.org\/#website\"},\"datePublished\":\"2021-08-07T11:26:39+00:00\",\"dateModified\":\"2021-09-10T12:24:31+00:00\",\"breadcrumb\":{\"@id\":\"http:\/\/ecumenical-institute.org\/en\/datenschutzerklaerung\/#breadcrumb\"},\"inLanguage\":\"en-GB\",\"potentialAction\":[{\"@type\":\"ReadAction\",\"target\":[\"http:\/\/ecumenical-institute.org\/en\/datenschutzerklaerung\/\"]}]},{\"@type\":\"BreadcrumbList\",\"@id\":\"http:\/\/ecumenical-institute.org\/en\/datenschutzerklaerung\/#breadcrumb\",\"itemListElement\":[{\"@type\":\"ListItem\",\"position\":1,\"name\":\"Home\",\"item\":\"https:\/\/ecumenical-institute.org\/\"},{\"@type\":\"ListItem\",\"position\":2,\"name\":\"Datenschutzerkl\u00e4rung\"}]},{\"@type\":\"WebSite\",\"@id\":\"https:\/\/ecumenical-institute.org\/#website\",\"url\":\"https:\/\/ecumenical-institute.org\/\",\"name\":\"Institut f\u00fcr \u00d6kumenische\",\"description\":\" Forschung in Strasbourg\",\"publisher\":{\"@id\":\"https:\/\/ecumenical-institute.org\/#organization\"},\"potentialAction\":[{\"@type\":\"SearchAction\",\"target\":{\"@type\":\"EntryPoint\",\"urlTemplate\":\"https:\/\/ecumenical-institute.org\/?s={search_term_string}\"},\"query-input\":{\"@type\":\"PropertyValueSpecification\",\"valueRequired\":true,\"valueName\":\"search_term_string\"}}],\"inLanguage\":\"en-GB\"},{\"@type\":\"Organization\",\"@id\":\"https:\/\/ecumenical-institute.org\/#organization\",\"name\":\"Institut f\u00fcr \u00d6kumenische Forschung in Strasbourg\",\"url\":\"https:\/\/ecumenical-institute.org\/\",\"logo\":{\"@type\":\"ImageObject\",\"inLanguage\":\"en-GB\",\"@id\":\"https:\/\/ecumenical-institute.org\/#\/schema\/logo\/image\/\",\"url\":\"https:\/\/ecumenical-institute.org\/wp-content\/uploads\/2021\/08\/Logo_grau.png\",\"contentUrl\":\"https:\/\/ecumenical-institute.org\/wp-content\/uploads\/2021\/08\/Logo_grau.png\",\"width\":300,\"height\":448,\"caption\":\"Institut f\u00fcr \u00d6kumenische Forschung in Strasbourg\"},\"image\":{\"@id\":\"https:\/\/ecumenical-institute.org\/#\/schema\/logo\/image\/\"}}]}<\/script>\n<!-- \/ Yoast SEO plugin. -->","yoast_head_json":{"title":"Datenschutzerkl\u00e4rung - Institut f\u00fcr \u00d6kumenische","robots":{"index":"index","follow":"follow","max-snippet":"max-snippet:-1","max-image-preview":"max-image-preview:large","max-video-preview":"max-video-preview:-1"},"canonical":"http:\/\/ecumenical-institute.org\/en\/datenschutzerklaerung\/","og_locale":"en_GB","og_type":"article","og_title":"Datenschutzerkl\u00e4rung - Institut f\u00fcr \u00d6kumenische","og_description":"Personenbezogene Daten (nachfolgend zumeist nur \u201eDaten\u201c genannt) werden von uns nur im Rahmen der Erforderlichkeit sowie zum Zwecke der Bereitstellung eines funktionsf\u00e4higen und nutzerfreundlichen Internetauftritts, inklusive seiner Inhalte und der dort angebotenen Leistungen, verarbeitet. Gem\u00e4\u00df Art. 4 Ziffer 1. der Verordnung (EU) 2016\/679, also der Datenschutz-Grundverordnung (nachfolgend nur \u201eDSGVO\u201c genannt), gilt als \u201eVerarbeitung\u201c jeder mit [&hellip;]","og_url":"http:\/\/ecumenical-institute.org\/en\/datenschutzerklaerung\/","og_site_name":"Institut f\u00fcr \u00d6kumenische","article_modified_time":"2021-09-10T12:24:31+00:00","twitter_card":"summary_large_image","twitter_misc":{"Estimated reading time":"20 minutes"},"schema":{"@context":"https:\/\/schema.org","@graph":[{"@type":"WebPage","@id":"http:\/\/ecumenical-institute.org\/en\/datenschutzerklaerung\/","url":"http:\/\/ecumenical-institute.org\/en\/datenschutzerklaerung\/","name":"Datenschutzerkl\u00e4rung - Institut f\u00fcr \u00d6kumenische","isPartOf":{"@id":"https:\/\/ecumenical-institute.org\/#website"},"datePublished":"2021-08-07T11:26:39+00:00","dateModified":"2021-09-10T12:24:31+00:00","breadcrumb":{"@id":"http:\/\/ecumenical-institute.org\/en\/datenschutzerklaerung\/#breadcrumb"},"inLanguage":"en-GB","potentialAction":[{"@type":"ReadAction","target":["http:\/\/ecumenical-institute.org\/en\/datenschutzerklaerung\/"]}]},{"@type":"BreadcrumbList","@id":"http:\/\/ecumenical-institute.org\/en\/datenschutzerklaerung\/#breadcrumb","itemListElement":[{"@type":"ListItem","position":1,"name":"Home","item":"https:\/\/ecumenical-institute.org\/"},{"@type":"ListItem","position":2,"name":"Datenschutzerkl\u00e4rung"}]},{"@type":"WebSite","@id":"https:\/\/ecumenical-institute.org\/#website","url":"https:\/\/ecumenical-institute.org\/","name":"Institute for Ecumenical","description":"Research in Strasbourg","publisher":{"@id":"https:\/\/ecumenical-institute.org\/#organization"},"potentialAction":[{"@type":"SearchAction","target":{"@type":"EntryPoint","urlTemplate":"https:\/\/ecumenical-institute.org\/?s={search_term_string}"},"query-input":{"@type":"PropertyValueSpecification","valueRequired":true,"valueName":"search_term_string"}}],"inLanguage":"en-GB"},{"@type":"Organization","@id":"https:\/\/ecumenical-institute.org\/#organization","name":"Institute for Ecumenical Research","url":"https:\/\/ecumenical-institute.org\/","logo":{"@type":"ImageObject","inLanguage":"en-GB","@id":"https:\/\/ecumenical-institute.org\/#\/schema\/logo\/image\/","url":"https:\/\/ecumenical-institute.org\/wp-content\/uploads\/2021\/08\/Logo_grau.png","contentUrl":"https:\/\/ecumenical-institute.org\/wp-content\/uploads\/2021\/08\/Logo_grau.png","width":300,"height":448,"caption":"Institut f\u00fcr \u00d6kumenische Forschung in Strasbourg"},"image":{"@id":"https:\/\/ecumenical-institute.org\/#\/schema\/logo\/image\/"}}]}},"uagb_featured_image_src":{"full":false,"thumbnail":false,"medium":false,"medium_large":false,"large":false,"1536x1536":false,"2048x2048":false,"trp-custom-language-flag":false},"uagb_author_info":{"display_name":"web27959797","author_link":"https:\/\/ecumenical-institute.org\/en\/author\/web27959797\/"},"uagb_comment_info":0,"uagb_excerpt":"Personenbezogene Daten (nachfolgend zumeist nur \u201eDaten\u201c genannt) werden von uns nur im Rahmen der Erforderlichkeit sowie zum Zwecke der Bereitstellung eines funktionsf\u00e4higen und nutzerfreundlichen Internetauftritts, inklusive seiner Inhalte und der dort angebotenen Leistungen, verarbeitet. Gem\u00e4\u00df Art. 4 Ziffer 1. der Verordnung (EU) 2016\/679, also der Datenschutz-Grundverordnung (nachfolgend nur \u201eDSGVO\u201c genannt), gilt als \u201eVerarbeitung\u201c jeder mit&hellip;","_links":{"self":[{"href":"https:\/\/ecumenical-institute.org\/en\/wp-json\/wp\/v2\/pages\/3","targetHints":{"allow":["GET"]}}],"collection":[{"href":"https:\/\/ecumenical-institute.org\/en\/wp-json\/wp\/v2\/pages"}],"about":[{"href":"https:\/\/ecumenical-institute.org\/en\/wp-json\/wp\/v2\/types\/page"}],"author":[{"embeddable":true,"href":"https:\/\/ecumenical-institute.org\/en\/wp-json\/wp\/v2\/users\/1"}],"replies":[{"embeddable":true,"href":"https:\/\/ecumenical-institute.org\/en\/wp-json\/wp\/v2\/comments?post=3"}],"version-history":[{"count":2,"href":"https:\/\/ecumenical-institute.org\/en\/wp-json\/wp\/v2\/pages\/3\/revisions"}],"predecessor-version":[{"id":2325,"href":"https:\/\/ecumenical-institute.org\/en\/wp-json\/wp\/v2\/pages\/3\/revisions\/2325"}],"wp:attachment":[{"href":"https:\/\/ecumenical-institute.org\/en\/wp-json\/wp\/v2\/media?parent=3"}],"curies":[{"name":"wp","href":"https:\/\/api.w.org\/{rel}","templated":true}]}}